{"id":109,"date":"2026-01-21T14:32:07","date_gmt":"2026-01-21T14:32:07","guid":{"rendered":"https:\/\/totbid2026.org\/?page_id=109"},"modified":"2026-02-16T08:18:31","modified_gmt":"2026-02-16T08:18:31","slug":"davet","status":"publish","type":"page","link":"https:\/\/totbid2026.org\/en\/davet\/","title":{"rendered":"Invitation"},"content":{"rendered":"<p>[et_pb_section fb_built=&#8221;1&#8243; fullwidth=&#8221;on&#8221; _builder_version=&#8221;4.17.4&#8243; _module_preset=&#8221;default&#8221; use_background_color_gradient=&#8221;on&#8221; background_color_gradient_stops=&#8221;#221e72 0%|#008cd1 100%&#8221; global_colors_info=&#8221;{}&#8221;][et_pb_fullwidth_post_title meta=&#8221;off&#8221; featured_image=&#8221;off&#8221; _builder_version=&#8221;4.17.4&#8243; _module_preset=&#8221;default&#8221; title_font=&#8221;|700|||||||&#8221; title_text_color=&#8221;#FFFFFF&#8221; custom_padding=&#8221;167px|||||&#8221; global_colors_info=&#8221;{}&#8221;][\/et_pb_fullwidth_post_title][\/et_pb_section][et_pb_section fb_built=&#8221;1&#8243; _builder_version=&#8221;4.17.4&#8243; _module_preset=&#8221;default&#8221; custom_margin=&#8221;17px|||||&#8221; global_colors_info=&#8221;{}&#8221;][et_pb_row use_custom_gutter=&#8221;on&#8221; _builder_version=&#8221;4.17.4&#8243; _module_preset=&#8221;default&#8221; global_colors_info=&#8221;{}&#8221;][et_pb_column type=&#8221;4_4&#8243; _builder_version=&#8221;4.17.4&#8243; _module_preset=&#8221;default&#8221; global_colors_info=&#8221;{}&#8221;][et_pb_text content_tablet=&#8221;<\/p>\n<h3 style=%22text-align: justify;%22><span style=%22color: #cc851a;%22><strong><em>TOTB\u0130D 2026 Kongre Davet<\/em><\/strong><\/span><\/h3>\n<p style=%22text-align: justify;%22><strong>De\u011ferli Meslekta\u015flar\u0131m\u0131z, K\u0131ymetli Ortopedi ve Travmatoloji Ailesi,<\/strong><\/p>\n<p style=%22text-align: justify;%22>Sizleri, T\u00fcrk Ortopedi ve Travmatoloji Birli\u011fi Derne\u011fi (TOTB\u0130D) \u00e7at\u0131s\u0131 alt\u0131nda, <strong>3-8 Kas\u0131m 2026<\/strong> tarihleri aras\u0131nda, Antalya\u2019n\u0131n e\u015fsiz do\u011fas\u0131nda yer alan <strong>Sueno Belek Kongre Merkezi<\/strong>\u2019nde ger\u00e7ekle\u015ftirece\u011fimiz 35. Ulusal Kongremizde a\u011f\u0131rlayacak olman\u0131n heyecan\u0131n\u0131 ya\u015f\u0131yoruz.<\/p>\n<p style=%22text-align: justify;%22>Bu y\u0131lki ana temam\u0131z\u0131, \u00e7a\u011f\u0131m\u0131z\u0131n ruhunu ve mesle\u011fimizin gelece\u011fini yans\u0131tan bir vizyonla belirledik: <strong>%22Kay\u0131ttan Kan\u0131ta: Ortopedi ve Travmatolojide Veri ile D\u00f6n\u00fc\u015f\u00fcm.%22<\/strong><\/p>\n<p style=%22text-align: justify;%22>T\u0131p d\u00fcnyas\u0131, dijitalle\u015fmenin sundu\u011fu devasa bir veri deniziyle \u00e7evrili. Biz ortopedi ve travmatoloji uzmanlar\u0131 i\u00e7in ba\u015far\u0131 art\u0131k sadece yapt\u0131klar\u0131m\u0131zla de\u011fil, bu ba\u015far\u0131n\u0131n s\u00fcrd\u00fcr\u00fclebilirli\u011fi ve \u00f6l\u00e7\u00fclebilirli\u011fi de hayati \u00f6nem ta\u015f\u0131yor. Kongremizde; klinik g\u00f6zlemlerimizi, kay\u0131t alt\u0131na ald\u0131\u011f\u0131m\u0131z her bir veriyi nas\u0131l g\u00fc\u00e7l\u00fc birer bilimsel kan\u0131ta d\u00f6n\u00fc\u015ft\u00fcrebilece\u011fimizi, yapay zeka ve b\u00fcy\u00fck veri i\u015flemenin cerrahi prati\u011fimizdeki d\u00f6n\u00fc\u015ft\u00fcr\u00fcc\u00fc g\u00fcc\u00fcn\u00fc enine boyuna tart\u0131\u015faca\u011f\u0131z.<\/p>\n<h3 style=%22text-align: justify;%22><strong><span style=%22color: #cc851a;%22><em>Neden 2026 Ulusal Kongresi?<\/em><\/span><\/strong><\/h3>\n<ul style=%22text-align: justify;%22>\n<li><strong>Verinin G\u00fcc\u00fc:<\/strong> Ameliyathane notlar\u0131ndan protez sa\u011fkal\u0131m istatistiklerine kadar, dijitalle\u015fen bilginin hasta bak\u0131m kalitesini nas\u0131l art\u0131raca\u011f\u0131n\u0131 uzmanlar\u0131ndan dinleyece\u011fiz.<\/li>\n<li><strong>Akademik Payla\u015f\u0131m:<\/strong> Alan\u0131nda d\u00fcnya \u00e7ap\u0131nda s\u00f6z sahibi konu\u015fmac\u0131larla, %22kan\u0131t%22 odakl\u0131 t\u0131bb\u0131n en g\u00fcncel uygulamalar\u0131n\u0131 de\u011ferlendirece\u011fiz.<\/li>\n<li><strong>Birlikte Geli\u015fim:<\/strong> Sueno Belek\u2019in sundu\u011fu se\u00e7kin sosyal imkanlar e\u015fli\u011finde, mesleki deneyimlerimizi payla\u015f\u0131rken dostluklar\u0131m\u0131z\u0131 tazeleyece\u011fiz.<\/li>\n<\/ul>\n<p style=%22text-align: justify;%22>Antalya\u2019n\u0131n huzur veren sonbahar atmosferinde, bilimin \u0131\u015f\u0131\u011f\u0131nda birle\u015fmek ve ortopedi ve travmatolojinin gelece\u011fini verilerle yeniden in\u015fa etmek i\u00e7in sizleri aram\u0131za bekliyoruz. Kat\u0131l\u0131m\u0131n\u0131z ve sunaca\u011f\u0131n\u0131z de\u011ferli \u00e7al\u0131\u015fmalar, T\u00fcrk Ortopedi ve Travmatolojisinin geli\u015fimine en b\u00fcy\u00fck katk\u0131y\u0131 sa\u011flayacakt\u0131r.<\/p>\n<p style=%22text-align: justify;%22><strong>3 Kas\u0131m\u2019da Sueno Belek\u2019te bulu\u015fmak dile\u011fiyle.<\/strong><\/p>\n<p style=%22text-align: justify;%22>Sayg\u0131lar\u0131m\u0131zla,<\/p>\n<p style=%22text-align: justify;%22>Dr. R. Haluk Berk                                                                                                                                                                                        Dr. \u00d6nder Kalenderer<br \/><em>TOTB\u0130D 2026 Kongre Ba\u015fkan\u0131                                                                                                                                                                     TOTB\u0130D Y\u00f6netim Kurulu Ba\u015fkan\u0131 <\/em><\/p>\n<p>&#8221; content_phone=&#8221;<\/p>\n<h3 style=%22text-align: justify;%22><span style=%22color: #cc851a;%22><strong><em>TOTB\u0130D 2026 Kongre Davet<\/em><\/strong><\/span><\/h3>\n<p style=%22text-align: justify;%22><strong>De\u011ferli Meslekta\u015flar\u0131m\u0131z, K\u0131ymetli Ortopedi ve Travmatoloji Ailesi,<\/strong><\/p>\n<p style=%22text-align: justify;%22>Sizleri, T\u00fcrk Ortopedi ve Travmatoloji Birli\u011fi Derne\u011fi (TOTB\u0130D) \u00e7at\u0131s\u0131 alt\u0131nda, <strong>3-8 Kas\u0131m 2026<\/strong> tarihleri aras\u0131nda, Antalya\u2019n\u0131n e\u015fsiz do\u011fas\u0131nda yer alan <strong>Sueno Belek Kongre Merkezi<\/strong>\u2019nde ger\u00e7ekle\u015ftirece\u011fimiz 35. Ulusal Kongremizde a\u011f\u0131rlayacak olman\u0131n heyecan\u0131n\u0131 ya\u015f\u0131yoruz.<\/p>\n<p style=%22text-align: justify;%22>Bu y\u0131lki ana temam\u0131z\u0131, \u00e7a\u011f\u0131m\u0131z\u0131n ruhunu ve mesle\u011fimizin gelece\u011fini yans\u0131tan bir vizyonla belirledik: <strong>%22Kay\u0131ttan Kan\u0131ta: Ortopedi ve Travmatolojide Veri ile D\u00f6n\u00fc\u015f\u00fcm.%22<\/strong><\/p>\n<p style=%22text-align: justify;%22>T\u0131p d\u00fcnyas\u0131, dijitalle\u015fmenin sundu\u011fu devasa bir veri deniziyle \u00e7evrili. Biz ortopedi ve travmatoloji uzmanlar\u0131 i\u00e7in ba\u015far\u0131 art\u0131k sadece yapt\u0131klar\u0131m\u0131zla de\u011fil, bu ba\u015far\u0131n\u0131n s\u00fcrd\u00fcr\u00fclebilirli\u011fi ve \u00f6l\u00e7\u00fclebilirli\u011fi de hayati \u00f6nem ta\u015f\u0131yor. Kongremizde; klinik g\u00f6zlemlerimizi, kay\u0131t alt\u0131na ald\u0131\u011f\u0131m\u0131z her bir veriyi nas\u0131l g\u00fc\u00e7l\u00fc birer bilimsel kan\u0131ta d\u00f6n\u00fc\u015ft\u00fcrebilece\u011fimizi, yapay zeka ve b\u00fcy\u00fck veri i\u015flemenin cerrahi prati\u011fimizdeki d\u00f6n\u00fc\u015ft\u00fcr\u00fcc\u00fc g\u00fcc\u00fcn\u00fc enine boyuna tart\u0131\u015faca\u011f\u0131z.<\/p>\n<p style=%22text-align: justify;%22>\n<p style=%22text-align: justify;%22>\n<h3 style=%22text-align: justify;%22><strong><span style=%22color: #cc851a;%22><em>Neden 2026 Ulusal Kongresi?<\/em><\/span><\/strong><\/h3>\n<ul style=%22text-align: justify;%22>\n<li><strong>Verinin G\u00fcc\u00fc:<\/strong> Ameliyathane notlar\u0131ndan protez sa\u011fkal\u0131m istatistiklerine kadar, dijitalle\u015fen bilginin hasta bak\u0131m kalitesini nas\u0131l art\u0131raca\u011f\u0131n\u0131 uzmanlar\u0131ndan dinleyece\u011fiz.<\/li>\n<li><strong>Akademik Payla\u015f\u0131m:<\/strong> Alan\u0131nda d\u00fcnya \u00e7ap\u0131nda s\u00f6z sahibi konu\u015fmac\u0131larla, %22kan\u0131t%22 odakl\u0131 t\u0131bb\u0131n en g\u00fcncel uygulamalar\u0131n\u0131 de\u011ferlendirece\u011fiz.<\/li>\n<li><strong>Birlikte Geli\u015fim:<\/strong> Sueno Belek\u2019in sundu\u011fu se\u00e7kin sosyal imkanlar e\u015fli\u011finde, mesleki deneyimlerimizi payla\u015f\u0131rken dostluklar\u0131m\u0131z\u0131 tazeleyece\u011fiz.<\/li>\n<\/ul>\n<p style=%22text-align: justify;%22>Antalya\u2019n\u0131n huzur veren sonbahar atmosferinde, bilimin \u0131\u015f\u0131\u011f\u0131nda birle\u015fmek ve ortopedi ve travmatolojinin gelece\u011fini verilerle yeniden in\u015fa etmek i\u00e7in sizleri aram\u0131za bekliyoruz. Kat\u0131l\u0131m\u0131n\u0131z ve sunaca\u011f\u0131n\u0131z de\u011ferli \u00e7al\u0131\u015fmalar, T\u00fcrk Ortopedi ve Travmatolojisinin geli\u015fimine en b\u00fcy\u00fck katk\u0131y\u0131 sa\u011flayacakt\u0131r.<\/p>\n<p style=%22text-align: justify;%22><strong>3 Kas\u0131m\u2019da Sueno Belek Kongre Merkezinde g\u00f6r\u00fc\u015fmek dile\u011fiyle,<\/strong><\/p>\n<p style=%22text-align: justify;%22>Sayg\u0131lar\u0131m\u0131zla,<\/p>\n<table style=%22border: none; width: 100%;%22 border=%220%22>\n<tbody>\n<tr>\n<td style=%22border: none; padding: 0;%22>Dr. R. Haluk Berk<br \/>\n<em>TOTB\u0130D 2026 Kongre Ba\u015fkan\u0131 <\/em><\/td>\n<td style=%22border: none;%22>Dr. \u00d6nder Kalenderer<br \/>\n<em>TOTB\u0130D Y\u00f6netim Kurulu Ba\u015fkan\u0131 <\/em><\/td>\n<\/tr>\n<\/tbody>\n<\/table>\n<p>&#8221; content_last_edited=&#8221;on|desktop&#8221; _builder_version=&#8221;4.17.4&#8243; _module_preset=&#8221;default&#8221; text_text_color=&#8221;#211d71&#8243; hover_enabled=&#8221;0&#8243; text_font_size_tablet=&#8221;&#8221; text_font_size_phone=&#8221;9px&#8221; text_font_size_last_edited=&#8221;on|phone&#8221; global_colors_info=&#8221;{}&#8221; sticky_enabled=&#8221;0&#8243;]<\/p>\n<h3 style=\"text-align: justify;\"><span style=\"color: #cc851a;\"><strong><em>TOTB\u0130D 2026 Kongre Davet<\/em><\/strong><\/span><\/h3>\n<p style=\"text-align: justify;\"><strong>De\u011ferli Meslekta\u015flar\u0131m\u0131z, K\u0131ymetli Ortopedi ve Travmatoloji Ailesi,<\/strong><\/p>\n<p style=\"text-align: justify;\">Sizleri, T\u00fcrk Ortopedi ve Travmatoloji Birli\u011fi Derne\u011fi (TOTB\u0130D) \u00e7at\u0131s\u0131 alt\u0131nda,\u00a03-8 Kas\u0131m 2026\u00a0tarihleri aras\u0131nda, Antalya\u2019n\u0131n e\u015fsiz do\u011fas\u0131nda yer alan\u00a0Sueno Belek Kongre Merkezi\u2019nde ger\u00e7ekle\u015ftirece\u011fimiz 35. Ulusal Kongremizde a\u011f\u0131rlayacak olman\u0131n heyecan\u0131n\u0131 ya\u015f\u0131yoruz.<\/p>\n<p style=\"text-align: justify;\">Bu y\u0131lki ana temam\u0131z\u0131, \u00e7a\u011f\u0131m\u0131z\u0131n ruhunu ve mesle\u011fimizin gelece\u011fini yans\u0131tan bir vizyonla belirledik:\u00a0<strong>&#8220;Kay\u0131ttan Kan\u0131ta: Ortopedi ve Travmatolojide Veri ile D\u00f6n\u00fc\u015f\u00fcm.&#8221;<\/strong><\/p>\n<p style=\"text-align: justify;\">T\u0131p d\u00fcnyas\u0131, dijitalle\u015fmenin sundu\u011fu devasa bir veri deniziyle \u00e7evrili. Biz ortopedi ve travmatoloji uzmanlar\u0131 i\u00e7in ba\u015far\u0131 art\u0131k sadece yapt\u0131klar\u0131m\u0131zla de\u011fil, bu ba\u015far\u0131n\u0131n s\u00fcrd\u00fcr\u00fclebilirli\u011fi ve \u00f6l\u00e7\u00fclebilirli\u011fi de hayati \u00f6nem ta\u015f\u0131yor. Kongremizde; klinik g\u00f6zlemlerimizi, kay\u0131t alt\u0131na ald\u0131\u011f\u0131m\u0131z her bir veriyi nas\u0131l g\u00fc\u00e7l\u00fc birer bilimsel kan\u0131ta d\u00f6n\u00fc\u015ft\u00fcrebilece\u011fimizi, yapay zeka ve b\u00fcy\u00fck veri i\u015flemenin cerrahi prati\u011fimizdeki d\u00f6n\u00fc\u015ft\u00fcr\u00fcc\u00fc g\u00fcc\u00fcn\u00fc enine boyuna tart\u0131\u015faca\u011f\u0131z.<\/p>\n<h3 style=\"text-align: justify;\"><strong><span style=\"color: #cc851a;\"><em>Neden 2026 Ulusal Kongresi?<\/em><\/span><\/strong><\/h3>\n<ul style=\"text-align: justify;\">\n<li><strong>Verinin G\u00fcc\u00fc:<\/strong>\u00a0Ameliyathane notlar\u0131ndan protez sa\u011fkal\u0131m istatistiklerine kadar, dijitalle\u015fen bilginin hasta bak\u0131m kalitesini nas\u0131l art\u0131raca\u011f\u0131n\u0131 uzmanlar\u0131ndan dinleyece\u011fiz.<\/li>\n<li><strong>Akademik Payla\u015f\u0131m:<\/strong>\u00a0Alan\u0131nda d\u00fcnya \u00e7ap\u0131nda s\u00f6z sahibi konu\u015fmac\u0131larla, &#8220;kan\u0131t&#8221; odakl\u0131 t\u0131bb\u0131n en g\u00fcncel uygulamalar\u0131n\u0131 de\u011ferlendirece\u011fiz.<\/li>\n<li><strong>Birlikte Geli\u015fim:<\/strong>\u00a0Sueno Belek\u2019in sundu\u011fu se\u00e7kin sosyal imkanlar e\u015fli\u011finde, mesleki deneyimlerimizi payla\u015f\u0131rken dostluklar\u0131m\u0131z\u0131 tazeleyece\u011fiz.<\/li>\n<\/ul>\n<p style=\"text-align: justify;\">Antalya\u2019n\u0131n huzur veren sonbahar atmosferinde, bilimin \u0131\u015f\u0131\u011f\u0131nda birle\u015fmek ve ortopedi ve travmatolojinin gelece\u011fini verilerle yeniden in\u015fa etmek i\u00e7in sizleri aram\u0131za bekliyoruz. Kat\u0131l\u0131m\u0131n\u0131z ve sunaca\u011f\u0131n\u0131z de\u011ferli \u00e7al\u0131\u015fmalar, T\u00fcrk Ortopedi ve Travmatolojisinin geli\u015fimine en b\u00fcy\u00fck katk\u0131y\u0131 sa\u011flayacakt\u0131r.<\/p>\n<p style=\"text-align: justify;\"><strong>3 Kas\u0131m\u2019da Sueno Belek Kongre Merkezinde g\u00f6r\u00fc\u015fmek dile\u011fiyle,<\/strong><\/p>\n<p style=\"text-align: justify;\">Sayg\u0131lar\u0131m\u0131zla,<\/p>\n<table style=\"border: none; width: 100%;\" border=\"0\">\n<tbody>\n<tr>\n<td style=\"width: 70%; border: none; padding: 0;\">Dr. R. Haluk Berk<br \/><em>TOTB\u0130D 2026 Kongre Ba\u015fkan\u0131\u00a0<\/em><\/td>\n<td style=\"border: none;\">Dr. \u00d6nder Kalenderer<br \/><em>TOTB\u0130D Y\u00f6netim Kurulu Ba\u015fkan\u0131 <\/em><\/td>\n<\/tr>\n<\/tbody>\n<\/table>\n<p>[\/et_pb_text][\/et_pb_column][\/et_pb_row][\/et_pb_section]<\/p>\n","protected":false},"excerpt":{"rendered":"<p>TOTB\u0130D 2026 Kongre Davet De\u011ferli Meslekta\u015flar\u0131m\u0131z, K\u0131ymetli Ortopedi ve Travmatoloji Ailesi, Sizleri, T\u00fcrk Ortopedi ve Travmatoloji Birli\u011fi Derne\u011fi (TOTB\u0130D) \u00e7at\u0131s\u0131 alt\u0131nda,\u00a03-8 Kas\u0131m 2026\u00a0tarihleri aras\u0131nda, Antalya\u2019n\u0131n e\u015fsiz do\u011fas\u0131nda yer alan\u00a0Sueno Belek Kongre Merkezi\u2019nde ger\u00e7ekle\u015ftirece\u011fimiz 35. Ulusal Kongremizde a\u011f\u0131rlayacak olman\u0131n heyecan\u0131n\u0131 ya\u015f\u0131yoruz. Bu y\u0131lki ana temam\u0131z\u0131, \u00e7a\u011f\u0131m\u0131z\u0131n ruhunu ve mesle\u011fimizin gelece\u011fini yans\u0131tan bir vizyonla belirledik:\u00a0&#8220;Kay\u0131ttan Kan\u0131ta: Ortopedi [&hellip;]<\/p>\n","protected":false},"author":1,"featured_media":0,"parent":0,"menu_order":0,"comment_status":"closed","ping_status":"closed","template":"","meta":{"_et_pb_use_builder":"on","_et_pb_old_content":"","_et_gb_content_width":"","footnotes":""},"class_list":["post-109","page","type-page","status-publish","hentry"],"_links":{"self":[{"href":"https:\/\/totbid2026.org\/en\/wp-json\/wp\/v2\/pages\/109","targetHints":{"allow":["GET"]}}],"collection":[{"href":"https:\/\/totbid2026.org\/en\/wp-json\/wp\/v2\/pages"}],"about":[{"href":"https:\/\/totbid2026.org\/en\/wp-json\/wp\/v2\/types\/page"}],"author":[{"embeddable":true,"href":"https:\/\/totbid2026.org\/en\/wp-json\/wp\/v2\/users\/1"}],"replies":[{"embeddable":true,"href":"https:\/\/totbid2026.org\/en\/wp-json\/wp\/v2\/comments?post=109"}],"version-history":[{"count":15,"href":"https:\/\/totbid2026.org\/en\/wp-json\/wp\/v2\/pages\/109\/revisions"}],"predecessor-version":[{"id":246,"href":"https:\/\/totbid2026.org\/en\/wp-json\/wp\/v2\/pages\/109\/revisions\/246"}],"wp:attachment":[{"href":"https:\/\/totbid2026.org\/en\/wp-json\/wp\/v2\/media?parent=109"}],"curies":[{"name":"wp","href":"https:\/\/api.w.org\/{rel}","templated":true}]}}